{"id":9009,"date":"2017-12-11T15:41:08","date_gmt":"2017-12-11T15:41:08","guid":{"rendered":"https:\/\/olisolivellas.com\/el-aceite\/"},"modified":"2025-05-05T05:22:09","modified_gmt":"2025-05-05T05:22:09","slug":"olivenoel","status":"publish","type":"page","link":"https:\/\/olisolivellas.com\/de\/olivenoel\/","title":{"rendered":"Oliven\u00f6l"},"content":{"rendered":"\n<div class=\"wp-block-stackable-columns alignfull stk-block-columns stk-block stk-dc595a3 stk-block-background stk--has-background-overlay\" data-block-id=\"dc595a3\"><style>.stk-dc595a3{background-color:var(--theme-palette-color-4,#0E0D12) !important;background-image:url(https:\/\/olisolivellas.com\/wp-content\/uploads\/2018\/05\/8744707120_b61a15236f_o.jpg) !important;background-attachment:fixed !important;padding-top:120px !important;padding-bottom:120px !important;margin-bottom:0px !important}.stk-dc595a3:before{background-color:var(--theme-palette-color-4,#0E0D12) !important;opacity:0.4 !important}@media screen and (max-width:1023px){.stk-dc595a3{padding-top:80px !important;padding-bottom:80px !important}}<\/style><div class=\"stk-row stk-inner-blocks stk-block-content stk-content-align stk-dc595a3-column\">\n<div class=\"wp-block-stackable-column stk-block-column stk-column stk-block stk-88e40af\" data-v=\"4\" data-block-id=\"88e40af\"><style>@media screen and (min-width:768px){.stk-88e40af{flex:var(--stk-flex-grow,1) 1 calc(15% - var(--stk-column-gap,0px) * 2 \/ 3 ) !important}}<\/style><div class=\"stk-column-wrapper stk-block-column__content stk-container stk-88e40af-container stk--no-background stk--no-padding\"><div class=\"stk-block-content stk-inner-blocks stk-88e40af-inner-blocks\"><\/div><\/div><\/div>\n\n\n\n<div class=\"wp-block-stackable-column stk-block-column stk-column stk-block stk-29e92bc\" data-v=\"4\" data-block-id=\"29e92bc\"><style>.stk-29e92bc-container{margin-top:0px !important;margin-right:0px !important;margin-bottom:0px !important;margin-left:0px !important}@media screen and (min-width:768px){.stk-29e92bc{flex:var(--stk-flex-grow,1) 1 calc(70% - var(--stk-column-gap,0px) * 2 \/ 3 ) !important}}<\/style><div class=\"stk-column-wrapper stk-block-column__content stk-container stk-29e92bc-container stk--no-background stk--no-padding\"><div class=\"stk-block-content stk-inner-blocks stk-29e92bc-inner-blocks\">\n<div class=\"wp-block-stackable-heading stk-block-heading stk-block-heading--v2 stk-block stk-2d08bbf\" id=\"solivellas\" data-block-id=\"2d08bbf\"><style>.stk-2d08bbf{margin-top:0px !important;margin-right:0px !important;margin-bottom:0px !important;margin-left:0px !important}.stk-2d08bbf .stk-block-heading__text{font-size:16px !important;color:var(--theme-palette-color-8,#ffffff) !important}@media screen and (max-width:1023px){.stk-2d08bbf .stk-block-heading__text{font-size:16px !important}}@media screen and (max-width:767px){.stk-2d08bbf .stk-block-heading__text{font-size:16px !important}}<\/style><h2 class=\"stk-block-heading__text has-text-color has-text-align-center\">SOLIVELLAS<\/h2><\/div>\n\n\n\n<div class=\"wp-block-stackable-heading stk-block-heading stk-block-heading--v2 stk-block stk-0c4548d\" id=\"olivenol-aus-eigenem-anbau\" data-block-id=\"0c4548d\"><style>.stk-0c4548d{padding-top:0px !important;padding-right:0px !important;padding-bottom:0px !important;padding-left:0px !important;margin-top:0px !important;margin-right:0px !important;margin-bottom:0px !important;margin-left:0px !important}.stk-0c4548d .stk-block-heading__text{font-size:65px !important;color:var(--theme-palette-color-8,#ffffff) !important;line-height:65px !important}@media screen and (max-width:1023px){.stk-0c4548d .stk-block-heading__text{font-size:45px !important;line-height:1em !important}}@media screen and (max-width:767px){.stk-0c4548d .stk-block-heading__text{font-size:35px !important;line-height:1em !important}}<\/style><h1 class=\"stk-block-heading__text has-text-color has-text-align-center\">Oliven\u00f6l aus Eigenem Anbau<\/h1><\/div>\n\n\n\n<div class=\"wp-block-stackable-text stk-block-text stk-block stk-095ee6a\" data-block-id=\"095ee6a\"><style>.stk-095ee6a{margin-bottom:40px !important}.stk-095ee6a .stk-block-text__text{font-size:18px !important;color:var(--theme-palette-color-8,#ffffff) !important}@media screen and (max-width:1023px){.stk-095ee6a .stk-block-text__text{font-size:18px !important}}<\/style><p class=\"stk-block-text__text has-text-color has-text-align-center has-text-align-center-mobile\">Auf ihrem Landgut Es Guinyent, das sich in&nbsp;<strong>privilegierter Lage<\/strong>&nbsp;ganz in der N\u00e4he des Mittelmeeres und der Gebirgslandschaft Sierra de Tramuntana befindet, erntet die Familie Solivellas ihre Oliven und gewinnt daraus&nbsp;<strong>feinstes \u00d6l der Klasse \u201cNatives Oliven\u00f6l Extra\u201d<\/strong>. Die milde Mittelmeerbrise umf\u00e4chelt die Olivenb\u00e4ume und sorgt f\u00fcr die sanfte Abk\u00fchlung der Oliven in den hei\u00dfen Sommern\u00e4chten. Die Regenf\u00e4lle und Winde der&nbsp;<strong>Sierra de Tramuntana<\/strong>&nbsp;sorgen in Verbindung mit dem intensiven Licht und sonnigen Klima der Insel Mallorca f\u00fcr die Ausgewogenheit des Aromas und den intensiven Geschmack des auf diesem Gut hergestellten \u00d6ls.<\/p><\/div>\n<\/div><\/div><\/div>\n\n\n\n<div class=\"wp-block-stackable-column stk-block-column stk-column stk-block stk-19ffaa9\" data-v=\"4\" data-block-id=\"19ffaa9\"><style>@media screen and (min-width:768px){.stk-19ffaa9{flex:var(--stk-flex-grow,1) 1 calc(15% - var(--stk-column-gap,0px) * 2 \/ 3 ) !important}}<\/style><div class=\"stk-column-wrapper stk-block-column__content stk-container stk-19ffaa9-container stk--no-background stk--no-padding\"><div class=\"stk-block-content stk-inner-blocks stk-19ffaa9-inner-blocks\"><\/div><\/div><\/div>\n<\/div><\/div>\n\n\n\n<div class=\"wp-block-stackable-spacer stk-block-spacer stk--no-padding stk-block stk-2049520\" data-block-id=\"2049520\"><style>.stk-2049520{height:60px !important}@media screen and (max-width:1023px){.stk-2049520{height:80px !important}}<\/style><\/div>\n\n\n\n<div class=\"wp-block-stackable-columns stk-block-columns stk-block stk-a25dc6b\" id=\"esguinyet\" data-block-id=\"a25dc6b\"><style>.stk-a25dc6b{margin-bottom:0px !important}.stk-a25dc6b-column{--stk-column-gap:100px !important;row-gap:50px !important}<\/style><div class=\"stk-row stk-inner-blocks stk-block-content stk-content-align stk-a25dc6b-column\">\n<div class=\"wp-block-stackable-column stk-block-column stk-column stk-block stk-637db20\" data-v=\"4\" data-block-id=\"637db20\"><style>.stk-637db20-container{margin-top:0px !important;margin-right:0px !important;margin-bottom:0px !important;margin-left:0px !important}@media screen and (min-width:768px) and (max-width:1023px){.stk-637db20{flex:var(--stk-flex-grow,1) 1 calc(100% - var(--stk-column-gap,0px) * 0 \/ 1 ) !important}}<\/style><div class=\"stk-column-wrapper stk-block-column__content stk-container stk-637db20-container stk--no-background stk--no-padding\"><div class=\"stk-block-content stk-inner-blocks stk-637db20-inner-blocks\">\n<div class=\"wp-block-stackable-image stk-block-image stk-block stk-6659846\" data-block-id=\"6659846\"><style>.stk-6659846 .stk-img-wrapper img{object-fit:cover !important}@media screen and (max-width:1023px){.stk-6659846 .stk-img-wrapper{height:750px !important}.stk-6659846 .stk-img-wrapper img{object-position:50% 98% !important}}@media screen and (max-width:767px){.stk-6659846 .stk-img-wrapper{height:500px !important}}<\/style><figure><span class=\"stk-img-wrapper\"><img loading=\"lazy\" decoding=\"async\" class=\"stk-img wp-image-9765\" src=\"https:\/\/olisolivellas.com\/wp-content\/uploads\/2018\/11\/solivellas-alqueria-es-guinyet.jpg\" width=\"1458\" height=\"1094\" srcset=\"https:\/\/olisolivellas.com\/wp-content\/uploads\/2018\/11\/solivellas-alqueria-es-guinyet.jpg 1458w, https:\/\/olisolivellas.com\/wp-content\/uploads\/2018\/11\/solivellas-alqueria-es-guinyet-300x225.jpg 300w, https:\/\/olisolivellas.com\/wp-content\/uploads\/2018\/11\/solivellas-alqueria-es-guinyet-1024x768.jpg 1024w, https:\/\/olisolivellas.com\/wp-content\/uploads\/2018\/11\/solivellas-alqueria-es-guinyet-768x576.jpg 768w, https:\/\/olisolivellas.com\/wp-content\/uploads\/2018\/11\/solivellas-alqueria-es-guinyet-600x450.jpg 600w\" sizes=\"(max-width: 1458px) 100vw, 1458px\" \/><\/span><\/figure><\/div>\n<\/div><\/div><\/div>\n\n\n\n<div class=\"wp-block-stackable-column stk-block-column stk-column stk-block stk-2039561\" data-v=\"4\" data-block-id=\"2039561\"><style>.stk-2039561-container{margin-top:0px !important;margin-right:0px !important;margin-bottom:0px !important;margin-left:0px !important}.stk-2039561{align-self:center !important}@media screen and (min-width:768px) and (max-width:1023px){.stk-2039561{flex:var(--stk-flex-grow,1) 1 calc(100% - var(--stk-column-gap,0px) * 0 \/ 1 ) !important}}<\/style><div class=\"stk-column-wrapper stk-block-column__content stk-container stk-2039561-container stk--no-background stk--no-padding\"><div class=\"stk-block-content stk-inner-blocks stk-2039561-inner-blocks\">\n<div class=\"wp-block-stackable-heading stk-block-heading stk-block-heading--v2 stk-block stk-b61712c\" id=\"landgut-es-guinyent\" data-block-id=\"b61712c\"><style>.stk-b61712c{margin-bottom:20px !important}.stk-b61712c .stk-block-heading__text{font-size:40px !important;font-family:\"Abhaya Libre\",Sans-serif !important}@media screen and (max-width:1023px){.stk-b61712c .stk-block-heading__text{font-size:30px !important}}<\/style><h2 class=\"stk-block-heading__text has-text-align-center-mobile\">Landgut Es Guinyent<\/h2><\/div>\n\n\n\n<div class=\"wp-block-stackable-text stk-block-text stk-block stk-726f1c8\" data-block-id=\"726f1c8\"><style>.stk-726f1c8{margin-bottom:50px !important}<\/style><p class=\"stk-block-text__text has-text-align-center-mobile\">Der urspr\u00fcngliche alte Gutshof Guinyent bildete den Mittelpunkt der ersten Pfarrgemeinde dieser Region, die heute dem Gemeindegebiet von Alcudia angeh\u00f6rt. Bei dem fr\u00fcheren Gutshof Guinyent handelte es sich um ein islamisches Landgut, welches erstmals im Jahr 1232 im damaligen Grundbuch, dem Llibre del Repartiment, genannt wird. Die Autoren G. Valero, F. Serra und M. Espinosa f\u00fchren die Herkunft des Namens in ihrem Buch Les Possessions d\u2019Alc\u00fadia (Die Landbesitzt\u00fcmer von Alcudia) auf das arabische Wort djin\u00e0n zur\u00fcck, welches \u00fcbersetzt \u00abG\u00e4rten\u00bb bedeutet.<\/p><\/div>\n<\/div><\/div><\/div>\n<\/div><\/div>\n\n\n\n<div class=\"wp-block-stackable-spacer stk-block-spacer stk--no-padding stk-block stk-9bca7f3\" data-block-id=\"9bca7f3\"><style>.stk-9bca7f3{height:60px !important}@media screen and (max-width:1023px){.stk-9bca7f3{height:80px !important}}<\/style><\/div>\n\n\n\n<div class=\"wp-block-stackable-columns alignfull stk-block-columns stk-block stk-930719a stk-block-background\" data-block-id=\"930719a\"><style>.stk-930719a{background-color:var(--theme-palette-color-1,#697861) !important;padding-top:100px !important;padding-bottom:100px !important;margin-bottom:0px !important}.stk-930719a:before{background-color:var(--theme-palette-color-1,#697861) !important}.stk-930719a-column{--stk-column-gap:50px !important;row-gap:50px !important}@media screen and (max-width:1023px){.stk-930719a{padding-top:80px !important;padding-bottom:80px !important}}<\/style><div class=\"stk-row stk-inner-blocks stk-block-content stk-content-align stk-930719a-column\">\n<div class=\"wp-block-stackable-column stk-block-column stk-column stk-block stk-2115e71\" data-v=\"4\" data-block-id=\"2115e71\"><div class=\"stk-column-wrapper stk-block-column__content stk-container stk-2115e71-container stk--no-background stk--no-padding\"><div class=\"has-text-align-center stk-block-content stk-inner-blocks stk-2115e71-inner-blocks\">\n<div class=\"wp-block-stackable-heading stk-block-heading stk-block-heading--v2 stk-block stk-ae050c3\" id=\"unsere\" data-block-id=\"ae050c3\"><style>.stk-ae050c3{margin-bottom:0px !important}.stk-ae050c3 .stk-block-heading__text{font-size:14px !important;color:var(--theme-palette-color-8,#ffffff) !important;line-height:1.2em !important}.stk-ae050c3 .stk-block-heading__bottom-line{height:1px !important;width:100px !important;margin-right:auto !important}@media screen and (max-width:1023px){.stk-ae050c3 .stk-block-heading__text{font-size:16px !important}}@media screen and (max-width:767px){.stk-ae050c3 .stk-block-heading__text{font-size:16px !important}}<\/style><h2 class=\"stk-block-heading__text has-text-color has-text-align-center has-text-align-center-mobile stk-block-heading--use-theme-margins\">UNSERE<\/h2><\/div>\n\n\n\n<div class=\"wp-block-stackable-heading stk-block-heading stk-block-heading--v2 stk-block stk-abe21af\" id=\"olivensorten\" data-block-id=\"abe21af\"><style>.stk-abe21af{margin-bottom:20px !important}.stk-abe21af .stk-block-heading__text{font-size:50px !important;color:var(--theme-palette-color-8,#ffffff) !important;line-height:1.2em !important;font-family:\"Abhaya Libre\",Sans-serif !important}@media screen and (max-width:1023px){.stk-abe21af .stk-block-heading__text{font-size:40px !important}}@media screen and (max-width:767px){.stk-abe21af .stk-block-heading__text{font-size:35px !important}}<\/style><h2 class=\"stk-block-heading__text has-text-color has-text-align-center has-text-align-center-mobile\">Olivensorten<\/h2><\/div>\n\n\n\n<p class=\"has-palette-color-8-color has-text-color\">Angebaut werden die Olivensorten<strong>&nbsp;Arbequina, picual, hojiblanca, frantoio, koroneiki und picuda<\/strong>; alle diese Sorten eignen sich hervorragend f\u00fcr die Gewinnung&nbsp;von<strong>&nbsp;\u00d6l der h\u00f6chsten Qualit\u00e4t.<\/strong>&nbsp;Die verschiedenen charakteristischen Merkmale und Eigenschaften der verwendeten Olivensorten erm\u00f6glichen deren Kombination zu einem komplexen und ausgewogenen Verschnitt. Die Olivenb\u00e4ume wachsen auf einem ebenen und&nbsp;<strong>leicht zug\u00e4nglichen Gel\u00e4nde mit kalkhaftigem Boden, das sich auf Meeresh\u00f6he befindet<\/strong>.<\/p>\n\n\n\n<p class=\"has-palette-color-8-color has-text-color\">Das Anbausystem folgt den bez\u00fcglich der Integrierten Produktion bestehenden Normen. Es handelt sich dabei um eine umweltfreundliche tier- und pflanzengerechte Form der Landwirtschaft.<\/p>\n<\/div><\/div><\/div>\n<\/div><\/div>\n\n\n\n<div class=\"wp-block-stackable-columns alignfull stk-block-columns stk-block stk-607e4f0 stk-block-background stk--has-background-overlay\" data-block-id=\"607e4f0\"><style>.stk-607e4f0{background-image:url(https:\/\/olisolivellas.com\/wp-content\/uploads\/2018\/05\/aceites.png) !important;padding-top:170px !important;padding-bottom:170px !important;margin-bottom:0px !important}.stk-607e4f0:before{background-color:#000000 !important;opacity:0.6 !important}.stk-607e4f0-column{--stk-column-gap:20px !important;justify-content:flex-start !important}@media screen and (max-width:1023px){.stk-607e4f0{padding-top:80px !important;padding-bottom:80px !important}}<\/style><div class=\"stk-row stk-inner-blocks stk-block-content stk-content-align stk-607e4f0-column stk--flex\">\n<div class=\"wp-block-stackable-column stk-block-column stk-column stk-block stk-c653ea9 stk-block-background\" data-v=\"4\" data-block-id=\"c653ea9\"><style>.stk-c653ea9-container{margin-top:0px !important;margin-right:0px !important;margin-bottom:0px !important;margin-left:0px !important}.stk-c653ea9{background-color:transparent !important;padding-top:30px !important;padding-right:30px !important;padding-bottom:30px !important;padding-left:30px !important}.stk-c653ea9:before{background-color:transparent !important}@media screen and (max-width:1023px){.stk-c653ea9{padding-top:10px !important;padding-right:10px !important;padding-bottom:10px !important;padding-left:10px !important}}<\/style><div class=\"stk-column-wrapper stk-block-column__content stk-container stk-c653ea9-container stk--no-background stk--no-padding\"><div class=\"stk-block-content stk-inner-blocks stk-c653ea9-inner-blocks\">\n<div class=\"wp-block-stackable-heading stk-block-heading stk-block-heading--v2 stk-block stk-42dc028\" id=\"das-native\" data-block-id=\"42dc028\"><style>.stk-42dc028{margin-bottom:0px !important}.stk-42dc028 .stk-block-heading__text{font-size:14px !important;color:var(--theme-palette-color-8,#ffffff) !important;line-height:1.2em !important}.stk-42dc028 .stk-block-heading__bottom-line{height:1px !important;width:100px !important;margin-right:auto !important}@media screen and (max-width:1023px){.stk-42dc028 .stk-block-heading__text{font-size:16px !important}}@media screen and (max-width:767px){.stk-42dc028 .stk-block-heading__text{font-size:16px !important}}<\/style><h2 class=\"stk-block-heading__text has-text-color has-text-align-center has-text-align-center-mobile stk-block-heading--use-theme-margins\">DAS NATIVE<\/h2><\/div>\n\n\n\n<div class=\"wp-block-stackable-heading stk-block-heading stk-block-heading--v2 stk-block stk-bc8c862\" id=\"olivenol-extra\" data-block-id=\"bc8c862\"><style>.stk-bc8c862{margin-bottom:20px !important}.stk-bc8c862 .stk-block-heading__text{font-size:50px !important;color:var(--theme-palette-color-8,#ffffff) !important;line-height:1.2em !important;font-family:\"Abhaya Libre\",Sans-serif !important}@media screen and (max-width:1023px){.stk-bc8c862 .stk-block-heading__text{font-size:40px !important}}@media screen and (max-width:767px){.stk-bc8c862 .stk-block-heading__text{font-size:35px !important}}<\/style><h2 class=\"stk-block-heading__text has-text-color has-text-align-center has-text-align-center-mobile\">Oliven\u00f6l Extra<\/h2><\/div>\n\n\n\n<div class=\"wp-block-stackable-columns stk-block-columns stk-block stk-c9c3a03\" data-block-id=\"c9c3a03\"><style>@media screen and (max-width:1023px){.stk-c9c3a03{padding-top:0px !important;padding-right:0px !important;padding-bottom:0px !important;padding-left:0px !important}}<\/style><div class=\"stk-row stk-inner-blocks stk-block-content stk-content-align stk-c9c3a03-column\">\n<div class=\"wp-block-stackable-column stk-block-column stk-column stk-block stk-233e7b5\" data-v=\"4\" data-block-id=\"233e7b5\"><div class=\"stk-column-wrapper stk-block-column__content stk-container stk-233e7b5-container stk--no-background stk--no-padding\"><div class=\"stk-block-content stk-inner-blocks stk-233e7b5-inner-blocks\">\n<p class=\"has-palette-color-8-color has-text-color\">Diese Bezeichnung tr\u00e4gt die \u00d6lkategorie der h\u00f6chsten Qualit\u00e4tsstufe. Das Oliven\u00f6l wird daf\u00fcr direkt und ausschlie\u00dflich mit mechanischen Mitteln den Oliven in ihrem besten Reifezustand entzogen. Im Unterschied zu den Verfahren, mit denen \u00d6le anderer Klassen gewonnen werden, kommen bei der Herstellung dieses \u00d6ls keine chemischen Verfahren zum Einsatz.<\/p>\n\n\n\n<p class=\"has-palette-color-8-color has-text-color\">Nach der Vermahlung der Oliven und vor der Abf\u00fcllung des \u00d6ls in Flaschen muss dieses einer chemischen Untersuchung und einer sensorischen Pr\u00fcfung unterzogen werden. Ein von der Nationalen Akkreditierungsstelle ENAC (Entidad Nacional de Acreditaci\u00f3n) zugelassenes Labor untersucht zu diesem Zweck die ihm zugesendeten Muster und bescheinigt, dass der S\u00e4uregrad die Grenze von 0,8\u00ba nicht \u00fcberschreitet und das \u00d6l von einwandfreiem Geschmack und Aroma sowie frei von jeglichen M\u00e4ngeln ist.<\/p>\n<\/div><\/div><\/div>\n\n\n\n<div class=\"wp-block-stackable-column stk-block-column stk-column stk-block stk-22d25ff\" data-v=\"4\" data-block-id=\"22d25ff\"><div class=\"stk-column-wrapper stk-block-column__content stk-container stk-22d25ff-container stk--no-background stk--no-padding\"><div class=\"stk-block-content stk-inner-blocks stk-22d25ff-inner-blocks\">\n<p class=\"has-palette-color-8-color has-text-color\">Innerhalb der umfangreichen Bandbreite von Nativen Oliven\u00f6len Extra sind unsere \u00d6le im Bereich der gehobeneren Kategorie anzusiedeln. Ihr S\u00e4uregrad h\u00e4lt sich immer unter 0,2\u00ba und sie erzielen eine hohe Bewertung der Fruchtigkeit. All diese Eigenschaften k\u00f6nnen dank der handwerklichen Herstellung, die auf dem Landgut selbst erfolgt, erreicht werden.<\/p>\n\n\n\n<p class=\"has-palette-color-8-color has-text-color\">Wir beobachten t\u00e4glich den Reifeprozess der Oliven und betreuen ganzj\u00e4hrig sorgf\u00e4ltig die angepflanzten B\u00e4ume, um die Ernte der Fr\u00fcchte zum Zeitpunkt ihres besten Zustandes durchf\u00fchren zu k\u00f6nnen. Wir w\u00e4hlen dabei nur die besten Oliven der ges\u00fcndesten und kr\u00e4ftigsten B\u00e4ume aus.<\/p>\n<\/div><\/div><\/div>\n<\/div><\/div>\n\n\n\n<div class=\"wp-block-stackable-columns stk-block-columns stk-block stk-9df14ce\" data-block-id=\"9df14ce\"><style>@media screen and (max-width:1023px){.stk-9df14ce{padding-top:0px !important;padding-right:0px !important;padding-bottom:0px !important;padding-left:0px !important}}<\/style><div class=\"stk-row stk-inner-blocks stk-block-content stk-content-align stk-9df14ce-column\">\n<div class=\"wp-block-stackable-column stk-block-column stk-column stk-block stk-c5cdacd\" data-v=\"4\" data-block-id=\"c5cdacd\"><style>.stk-c5cdacd{padding-top:0% !important;padding-right:20% !important;padding-left:20% !important}<\/style><div class=\"stk-column-wrapper stk-block-column__content stk-container stk-c5cdacd-container stk--no-background stk--no-padding\"><div class=\"has-text-align-center stk-block-content stk-inner-blocks stk-c5cdacd-inner-blocks\">\n<div class=\"wp-block-stackable-image stk-block-image stk-block stk-9acd829\" data-block-id=\"9acd829\"><style>.stk-9acd829 .stk-img-wrapper{width:30% !important}@media screen and (max-width:1023px){.stk-9acd829 .stk-img-wrapper{width:53% !important}}@media screen and (max-width:767px){.stk-9acd829 .stk-img-wrapper{width:100% !important}}<\/style><figure><span class=\"stk-img-wrapper stk-image--shape-stretch\"><img loading=\"lazy\" decoding=\"async\" class=\"stk-img wp-image-8665\" src=\"https:\/\/olisolivellas.com\/wp-content\/uploads\/2018\/05\/do.png\" width=\"240\" height=\"197\"\/><\/span><\/figure><\/div>\n<\/div><\/div><\/div>\n<\/div><\/div>\n\n\n\n<div class=\"wp-block-stackable-columns stk-block-columns stk-block stk-d176c99\" data-block-id=\"d176c99\"><style>@media screen and (max-width:1023px){.stk-d176c99{padding-top:0px !important;padding-right:0px !important;padding-bottom:0px !important;padding-left:0px !important}}<\/style><div class=\"stk-row stk-inner-blocks stk-block-content stk-content-align stk-d176c99-column\">\n<div class=\"wp-block-stackable-column stk-block-column stk-column stk-block stk-929f93f\" data-v=\"4\" data-block-id=\"929f93f\"><style>.stk-929f93f{padding-top:0% !important;padding-right:20% !important;padding-left:20% !important}@media screen and (max-width:1023px){.stk-929f93f{padding-top:0px !important;padding-right:0px !important;padding-bottom:0px !important;padding-left:0px !important}}<\/style><div class=\"stk-column-wrapper stk-block-column__content stk-container stk-929f93f-container stk--no-background stk--no-padding\"><div class=\"has-text-align-center stk-block-content stk-inner-blocks stk-929f93f-inner-blocks\">\n<p class=\"has-palette-color-8-color has-text-color\">Zum Zweck der R\u00fcckverfolgbarkeit und der Gew\u00e4hrleistung der einzigartigen Beschaffenheit des mallorquinischen Oliven\u00f6ls wurde die gesch\u00fctzte Ursprungsbezeichnung \u201cDenominaci\u00f3n de Origen Oli de Mallorca\u201d eingef\u00fchrt. Der Regulierungsrat der gesch\u00fctzten Ursprungsbezeichnung f\u00fcr mallorquinisches \u00d6l wurde 2002 gegr\u00fcndet und widmet sich dem Schutz und der F\u00f6rderung des mallorquinischen \u00d6ls, das unter dieser Ursprungsbezeichnung gehandelt wird. Dieses \u00d6l wird immer aus den Olivensorten Arbequina, Picual und Mallorquina gewonnen.<\/p>\n\n\n\n<div class=\"wp-block-stackable-spacer stk-block-spacer stk--no-padding stk-block stk-b4c9d2d\" data-block-id=\"b4c9d2d\"><style>.stk-b4c9d2d{height:20px !important}<\/style><\/div>\n\n\n\n<div class=\"wp-block-stackable-button-group stk-block-button-group stk-block stk-e857757\" data-block-id=\"e857757\"><div class=\"stk-row stk-inner-blocks stk-block-content stk-button-group\">\n<div class=\"wp-block-stackable-button stk-block-button stk-block stk-044a022\" data-block-id=\"044a022\"><a class=\"stk-link stk-button stk--hover-effect-darken\" href=\"http:\/\/www.gestoli.cat\" target=\"_blank\" rel=\"noreferrer noopener\"><span class=\"stk-button__inner-text\">MEHR INFORMATIONEN BEI GESTOLI<\/span><\/a><\/div>\n<\/div><\/div>\n<\/div><\/div><\/div>\n<\/div><\/div>\n<\/div><\/div><\/div>\n<\/div><\/div>\n\n\n\n<div class=\"wp-block-stackable-spacer stk-block-spacer stk--no-padding stk-block stk-29721b6\" data-block-id=\"29721b6\"><style>.stk-29721b6{height:60px !important}@media screen and (max-width:1023px){.stk-29721b6{height:80px !important}}<\/style><\/div>\n\n\n\n<div class=\"wp-block-stackable-columns stk-block-columns stk-block stk-e75dcb0\" data-block-id=\"e75dcb0\"><div class=\"stk-row stk-inner-blocks stk-block-content stk-content-align stk-e75dcb0-column\">\n<div class=\"wp-block-stackable-column stk-block-column stk-block-column--v2 stk-column stk-block stk-c777d71\" data-block-id=\"c777d71\"><div class=\"stk-column-wrapper stk-block-column__content stk-container stk-c777d71-container stk--no-background stk--no-padding\"><div class=\"stk-block-content stk-inner-blocks stk-c777d71-inner-blocks\">\n<div class=\"wp-block-stackable-heading stk-block-heading stk-block stk-740d78a\" id=\"herstellungverfahren\" data-block-id=\"740d78a\"><style>.stk-740d78a{margin-bottom:0px !important}.stk-740d78a .stk-block-heading__text{font-size:50px !important;font-family:\"Abhaya Libre\",Sans-serif !important}@media screen and (max-width:1023px){.stk-740d78a .stk-block-heading__text{font-size:50px !important}}<\/style><h2 class=\"stk-block-heading__text has-text-align-center\">Herstellungverfahren<\/h2><\/div>\n\n\n\n<div class=\"wp-block-stackable-text stk-block-text stk-block stk-2ce0281\" data-block-id=\"2ce0281\"><p class=\"stk-block-text__text has-text-align-center\">Zur Vermeidung der Oxidation\u00a0<strong>werden die Oliven innerhalb weniger Stunden nach der Ernte zu \u00d6l verarbeitet<\/strong>. Mittels Kaltschleudern wird den Oliven der Saft entzogen. Dies erfolgt auf mechanische Weise und\u00a0<strong>ohne Einsatz chemischer Stoffe<\/strong>.<\/p><\/div>\n\n\n\n<div class=\"wp-block-stackable-divider is-style-bar stk-block-divider stk-block stk-c23c658\" data-block-id=\"c23c658\"><style>.stk-c23c658 hr.stk-block-divider__hr{background:var(--theme-palette-color-1,#697861) !important;width:15% !important}<\/style><hr class=\"stk-block-divider__hr\"\/><\/div>\n<\/div><\/div><\/div>\n<\/div><\/div>\n\n\n\n<div class=\"wp-block-stackable-feature stk-block-feature stk-block stk-dcb6979 is-style-default\" data-v=\"2\" data-block-id=\"dcb6979\"><style>.stk-dcb6979{margin-bottom:0px !important}<\/style><div class=\"stk-content-align stk-dcb6979-column stk-container stk-dcb6979-container stk--no-background stk--no-padding\"><div class=\"stk-inner-blocks stk-block-content stk-row\">\n<div class=\"wp-block-stackable-column stk-block-column stk-column stk-block stk-0d366a5\" data-v=\"4\" data-block-id=\"0d366a5\"><style>.stk-0d366a5{align-self:center !important}<\/style><div class=\"stk-column-wrapper stk-block-column__content stk-container stk-0d366a5-container stk--no-background stk--no-padding\"><div class=\"stk-block-content stk-inner-blocks stk-0d366a5-inner-blocks\">\n<div class=\"wp-block-stackable-heading stk-block-heading stk-block-heading--v2 stk-block stk-1f7d802\" id=\"veredelung\" data-block-id=\"1f7d802\"><style>.stk-1f7d802 .stk-block-heading__text{font-size:30px !important;font-family:\"Abhaya Libre\",Sans-serif !important}@media screen and (max-width:1023px){.stk-1f7d802 .stk-block-heading__text{font-size:30px !important}}<\/style><h2 class=\"stk-block-heading__text stk-block-heading--use-theme-margins\">Veredelung<\/h2><\/div>\n\n\n\n<div class=\"wp-block-stackable-text stk-block-text stk-block stk-328b35e\" data-block-id=\"328b35e\"><p class=\"stk-block-text__text\">Bei der Veredelung wird die Olivensorte durch Pfropfen junger Triebe auf die alten St\u00e4mme ver\u00e4ndert. In unserem Falle geschieht dies, um neue Sorten aus anderen Mittelmeeregionen einzuf\u00fchren und damit zu experimentieren. Damit sollen eine organoleptische Bereicherung und eine geschmackliche Erweiterung der Verschnitte der traditionellen Sorten erreicht werden.<\/p><\/div>\n<\/div><\/div><\/div>\n\n\n\n<div class=\"wp-block-stackable-column stk-block-column stk-column stk-block stk-95d164f\" data-v=\"4\" data-block-id=\"95d164f\"><style>.stk-95d164f{align-self:center !important}<\/style><div class=\"stk-column-wrapper stk-block-column__content stk-container stk-95d164f-container stk--no-background stk--no-padding\"><div class=\"stk-block-content stk-inner-blocks stk-95d164f-inner-blocks\">\n<div class=\"wp-block-stackable-image stk-block-image stk-block stk-1cf93ea\" data-block-id=\"1cf93ea\"><figure><span class=\"stk-img-wrapper stk-image--shape-stretch\"><img loading=\"lazy\" decoding=\"async\" class=\"stk-img wp-image-9745\" src=\"https:\/\/olisolivellas.com\/wp-content\/uploads\/2018\/11\/solivellas-injertos-olivos.jpg\" width=\"1000\" height=\"700\" srcset=\"https:\/\/olisolivellas.com\/wp-content\/uploads\/2018\/11\/solivellas-injertos-olivos.jpg 1000w, https:\/\/olisolivellas.com\/wp-content\/uploads\/2018\/11\/solivellas-injertos-olivos-600x420.jpg 600w, https:\/\/olisolivellas.com\/wp-content\/uploads\/2018\/11\/solivellas-injertos-olivos-300x210.jpg 300w, https:\/\/olisolivellas.com\/wp-content\/uploads\/2018\/11\/solivellas-injertos-olivos-768x538.jpg 768w, https:\/\/olisolivellas.com\/wp-content\/uploads\/2018\/11\/solivellas-injertos-olivos-20x14.jpg 20w\" sizes=\"(max-width: 1000px) 100vw, 1000px\" \/><\/span><\/figure><\/div>\n<\/div><\/div><\/div>\n<\/div><\/div><\/div>\n\n\n\n<div class=\"wp-block-stackable-feature stk-block-feature stk-block stk-108ba7c is-style-default\" data-v=\"2\" data-block-id=\"108ba7c\"><style>.stk-108ba7c{margin-bottom:0px !important}<\/style><div class=\"stk-content-align stk-108ba7c-column stk-container stk-108ba7c-container stk--no-background stk--no-padding\"><div class=\"stk-inner-blocks stk-block-content stk-row\">\n<div class=\"wp-block-stackable-column stk-block-column stk-column stk-block stk-403982a\" data-v=\"4\" data-block-id=\"403982a\"><style>.stk-403982a{align-self:center !important}<\/style><div class=\"stk-column-wrapper stk-block-column__content stk-container stk-403982a-container stk--no-background stk--no-padding\"><div class=\"stk-block-content stk-inner-blocks stk-403982a-inner-blocks\">\n<div class=\"wp-block-stackable-image stk-block-image stk-block stk-662a33d\" data-block-id=\"662a33d\"><figure><span class=\"stk-img-wrapper stk-image--shape-stretch\"><img loading=\"lazy\" decoding=\"async\" class=\"stk-img wp-image-8654\" src=\"https:\/\/olisolivellas.com\/wp-content\/uploads\/2018\/05\/podar.jpg\" width=\"150\" height=\"300\"\/><\/span><\/figure><\/div>\n<\/div><\/div><\/div>\n\n\n\n<div class=\"wp-block-stackable-column stk-block-column stk-column stk-block stk-85196f0\" data-v=\"4\" data-block-id=\"85196f0\"><style>.stk-85196f0{align-self:center !important}<\/style><div class=\"stk-column-wrapper stk-block-column__content stk-container stk-85196f0-container stk--no-background stk--no-padding\"><div class=\"stk-block-content stk-inner-blocks stk-85196f0-inner-blocks\">\n<div class=\"wp-block-stackable-heading stk-block-heading stk-block-heading--v2 stk-block stk-a017333\" id=\"beschnitt\" data-block-id=\"a017333\"><style>.stk-a017333 .stk-block-heading__text{font-size:30px !important;font-family:\"Abhaya Libre\",Sans-serif !important}@media screen and (max-width:1023px){.stk-a017333 .stk-block-heading__text{font-size:30px !important}}<\/style><h2 class=\"stk-block-heading__text stk-block-heading--use-theme-margins\">Beschnitt<\/h2><\/div>\n\n\n\n<div class=\"wp-block-stackable-text stk-block-text stk-block stk-2b21330\" data-block-id=\"2b21330\"><p class=\"stk-block-text__text\">Nach der Ernte beschneiden wir unsere Olivenb\u00e4ume, um sie f\u00fcr das n\u00e4chste Jahr vorzubereiten und ihren Ertrag zu steigern. Wir entfernen innere \u00c4ste und schaffen somit Platz f\u00fcr die Entwicklung der Fr\u00fcchte im Au\u00dfenbereich der Krone. Auf diese Weise sind die Fr\u00fcchte st\u00e4ndig dem Licht, der Sonneneinstrahlung und der k\u00fchlenden Meeresbrise ausgesetzt und erreichen dadurch eine weitaus h\u00f6here Qualit\u00e4t als jene Oliven, die im Innenbereich der Baumkrone wachsen.<\/p><\/div>\n<\/div><\/div><\/div>\n<\/div><\/div><\/div>\n\n\n\n<div class=\"wp-block-stackable-feature stk-block-feature stk-block stk-de0f9f6 is-style-default\" data-v=\"2\" data-block-id=\"de0f9f6\"><style>.stk-de0f9f6{margin-bottom:0px !important}<\/style><div class=\"stk-content-align stk-de0f9f6-column stk-container stk-de0f9f6-container stk--no-background stk--no-padding\"><div class=\"stk-inner-blocks stk-block-content stk-row\">\n<div class=\"wp-block-stackable-column stk-block-column stk-column stk-block stk-2c565b5\" data-v=\"4\" data-block-id=\"2c565b5\"><style>.stk-2c565b5{align-self:center !important}<\/style><div class=\"stk-column-wrapper stk-block-column__content stk-container stk-2c565b5-container stk--no-background stk--no-padding\"><div class=\"stk-block-content stk-inner-blocks stk-2c565b5-inner-blocks\">\n<div class=\"wp-block-stackable-heading stk-block-heading stk-block-heading--v2 stk-block stk-01b020f\" id=\"ernte\" data-block-id=\"01b020f\"><style>.stk-01b020f .stk-block-heading__text{font-size:30px !important;font-family:\"Abhaya Libre\",Sans-serif !important}@media screen and (max-width:1023px){.stk-01b020f .stk-block-heading__text{font-size:30px !important}}<\/style><h2 class=\"stk-block-heading__text stk-block-heading--use-theme-margins\">Ernte<\/h2><\/div>\n\n\n\n<div class=\"wp-block-stackable-text stk-block-text stk-block stk-0001f95\" data-block-id=\"0001f95\"><p class=\"stk-block-text__text\">Bei Oli Solivellas ernten wir die Oliven zum Zeitpunkt ihres optimalen Reifegrades, bevor ihre charakteristische gr\u00fcne Farbe verschwindet. Wir beobachten t\u00e4glich den Heranreifungsprozess und w\u00e4hlen den Zeitpunkt der Ernte sorgf\u00e4ltig aus. Auf diese Weise erzielen wir bei der \u00d6lgewinnung nur geringe Ertr\u00e4ge (wir verarbeiten 9 kg Oliven f\u00fcr die Gewinnung von nur einem Liter \u00d6l), doch diese \u00d6le sind unvergleichlich aromatisch und geschmacksintensiv.<\/p><\/div>\n<\/div><\/div><\/div>\n\n\n\n<div class=\"wp-block-stackable-column stk-block-column stk-column stk-block stk-64e2384\" data-v=\"4\" data-block-id=\"64e2384\"><style>.stk-64e2384{align-self:center !important}<\/style><div class=\"stk-column-wrapper stk-block-column__content stk-container stk-64e2384-container stk--no-background stk--no-padding\"><div class=\"stk-block-content stk-inner-blocks stk-64e2384-inner-blocks\">\n<div class=\"wp-block-stackable-image stk-block-image stk-block stk-2e56cca\" data-block-id=\"2e56cca\"><figure><span class=\"stk-img-wrapper stk-image--shape-stretch\"><img loading=\"lazy\" decoding=\"async\" class=\"stk-img wp-image-9753\" src=\"https:\/\/olisolivellas.com\/wp-content\/uploads\/2018\/11\/solivellas-recogida-oliva.jpg\" width=\"1000\" height=\"700\" srcset=\"https:\/\/olisolivellas.com\/wp-content\/uploads\/2018\/11\/solivellas-recogida-oliva.jpg 800w, https:\/\/olisolivellas.com\/wp-content\/uploads\/2018\/11\/solivellas-recogida-oliva-300x210.jpg 300w, https:\/\/olisolivellas.com\/wp-content\/uploads\/2018\/11\/solivellas-recogida-oliva-768x538.jpg 768w, https:\/\/olisolivellas.com\/wp-content\/uploads\/2018\/11\/solivellas-recogida-oliva-600x420.jpg 600w\" sizes=\"(max-width: 1000px) 100vw, 1000px\" \/><\/span><\/figure><\/div>\n<\/div><\/div><\/div>\n<\/div><\/div><\/div>\n\n\n\n<div class=\"wp-block-stackable-feature stk-block-feature stk-block stk-331ff67 is-style-default\" data-v=\"2\" data-block-id=\"331ff67\"><style>.stk-331ff67{margin-bottom:0px !important}<\/style><div class=\"stk-content-align stk-331ff67-column stk-container stk-331ff67-container stk--no-background stk--no-padding\"><div class=\"stk-inner-blocks stk-block-content stk-row\">\n<div class=\"wp-block-stackable-column stk-block-column stk-column stk-block stk-25f3049\" data-v=\"4\" data-block-id=\"25f3049\"><style>.stk-25f3049{align-self:center !important}<\/style><div class=\"stk-column-wrapper stk-block-column__content stk-container stk-25f3049-container stk--no-background stk--no-padding\"><div class=\"stk-block-content stk-inner-blocks stk-25f3049-inner-blocks\">\n<div class=\"wp-block-stackable-image stk-block-image stk-block stk-598efb1\" data-block-id=\"598efb1\"><figure><span class=\"stk-img-wrapper stk-image--shape-stretch\"><img loading=\"lazy\" decoding=\"async\" class=\"stk-img wp-image-9757\" src=\"https:\/\/olisolivellas.com\/wp-content\/uploads\/2018\/11\/aceite-solivellas-molturacion.jpg\" width=\"1000\" height=\"700\" srcset=\"https:\/\/olisolivellas.com\/wp-content\/uploads\/2018\/11\/aceite-solivellas-molturacion.jpg 1000w, https:\/\/olisolivellas.com\/wp-content\/uploads\/2018\/11\/aceite-solivellas-molturacion-600x420.jpg 600w, https:\/\/olisolivellas.com\/wp-content\/uploads\/2018\/11\/aceite-solivellas-molturacion-300x210.jpg 300w, https:\/\/olisolivellas.com\/wp-content\/uploads\/2018\/11\/aceite-solivellas-molturacion-768x538.jpg 768w, https:\/\/olisolivellas.com\/wp-content\/uploads\/2018\/11\/aceite-solivellas-molturacion-20x14.jpg 20w\" sizes=\"(max-width: 1000px) 100vw, 1000px\" \/><\/span><\/figure><\/div>\n<\/div><\/div><\/div>\n\n\n\n<div class=\"wp-block-stackable-column stk-block-column stk-column stk-block stk-75151bd\" data-v=\"4\" data-block-id=\"75151bd\"><style>.stk-75151bd{align-self:center !important}<\/style><div class=\"stk-column-wrapper stk-block-column__content stk-container stk-75151bd-container stk--no-background stk--no-padding\"><div class=\"stk-block-content stk-inner-blocks stk-75151bd-inner-blocks\">\n<div class=\"wp-block-stackable-heading stk-block-heading stk-block-heading--v2 stk-block stk-589959e\" id=\"vermahlen\" data-block-id=\"589959e\"><style>.stk-589959e .stk-block-heading__text{font-size:30px !important;font-family:\"Abhaya Libre\",Sans-serif !important}@media screen and (max-width:1023px){.stk-589959e .stk-block-heading__text{font-size:30px !important}}<\/style><h2 class=\"stk-block-heading__text stk-block-heading--use-theme-margins\">Vermahlen<\/h2><\/div>\n\n\n\n<div class=\"wp-block-stackable-text stk-block-text stk-block stk-4534777\" data-block-id=\"4534777\"><p class=\"stk-block-text__text\">F\u00fcr die Gewinnung eines \u00d6ls der h\u00f6chsten Kategorie werden die Oliven noch am selben Tag der Ernte vermahlen. Mittels Kaltschleudern wird den Oliven auf mechanische Weise und ohne Einsatz chemischer Stoffe der Saft entzogen.<\/p><\/div>\n<\/div><\/div><\/div>\n<\/div><\/div><\/div>\n\n\n\n<div class=\"wp-block-stackable-feature stk-block-feature stk-block stk-92f79c4 is-style-default\" data-v=\"2\" data-block-id=\"92f79c4\"><style>.stk-92f79c4{margin-bottom:0px !important}<\/style><div class=\"stk-content-align stk-92f79c4-column stk-container stk-92f79c4-container stk--no-background stk--no-padding\"><div class=\"stk-inner-blocks stk-block-content stk-row\">\n<div class=\"wp-block-stackable-column stk-block-column stk-column stk-block stk-be475ac\" data-v=\"4\" data-block-id=\"be475ac\"><style>.stk-be475ac{align-self:center !important}<\/style><div class=\"stk-column-wrapper stk-block-column__content stk-container stk-be475ac-container stk--no-background stk--no-padding\"><div class=\"stk-block-content stk-inner-blocks stk-be475ac-inner-blocks\">\n<div class=\"wp-block-stackable-heading stk-block-heading stk-block-heading--v2 stk-block stk-c17336f\" id=\"abfullung\" data-block-id=\"c17336f\"><style>.stk-c17336f .stk-block-heading__text{font-size:30px !important;font-family:\"Abhaya Libre\",Sans-serif !important}@media screen and (max-width:1023px){.stk-c17336f .stk-block-heading__text{font-size:30px !important}}<\/style><h2 class=\"stk-block-heading__text stk-block-heading--use-theme-margins\">Abf\u00fcllung<\/h2><\/div>\n\n\n\n<div class=\"wp-block-stackable-text stk-block-text stk-block stk-fdbe247\" data-block-id=\"fdbe247\"><p class=\"stk-block-text__text\">Um die organoleptischen Eigenschaften des \u00d6ls in unverf\u00e4lschter Weise zu erhalten, verzichten wir auf das Filtern. Mittels Vakuumabf\u00fcllung in dunkle Glasflaschen sch\u00fctzen wir das \u00d6l vor der Einwirkungs des Lichtes und der Oxidation. Der Metallverschluss und die Ausgie\u00dfvorrichtung erm\u00f6glichen eine einwandfreie Konservierung und einfache Dosierung des \u00d6ls. Der Regulierungsrat f\u00fcr die gesch\u00fctzte Ursprungsbezeichnung des mallorquinischen Oliven\u00f6ls&nbsp;<a rel=\"noreferrer noopener\" href=\"http:\/\/www.gestoli.cat\/\" target=\"_blank\">Gestoli<\/a>\u00fcberwacht und bescheinigt die Qualit\u00e4t und die Herkunft eines jeden \u00d6ls, das unter dieser Bezeichnung in Flaschen abgef\u00fcllt wird.<\/p><\/div>\n<\/div><\/div><\/div>\n\n\n\n<div class=\"wp-block-stackable-column stk-block-column stk-column stk-block stk-5e28f99\" data-v=\"4\" data-block-id=\"5e28f99\"><style>.stk-5e28f99{align-self:center !important}<\/style><div class=\"stk-column-wrapper stk-block-column__content stk-container stk-5e28f99-container stk--no-background stk--no-padding\"><div class=\"stk-block-content stk-inner-blocks stk-5e28f99-inner-blocks\">\n<div class=\"wp-block-stackable-image stk-block-image stk-block stk-3d60bde\" data-block-id=\"3d60bde\"><figure><span class=\"stk-img-wrapper stk-image--shape-stretch\"><img loading=\"lazy\" decoding=\"async\" class=\"stk-img wp-image-9761\" src=\"https:\/\/olisolivellas.com\/wp-content\/uploads\/2018\/11\/aceite-solivellas-embotellado.jpg\" width=\"1000\" height=\"700\" srcset=\"https:\/\/olisolivellas.com\/wp-content\/uploads\/2018\/11\/aceite-solivellas-embotellado.jpg 800w, https:\/\/olisolivellas.com\/wp-content\/uploads\/2018\/11\/aceite-solivellas-embotellado-300x210.jpg 300w, https:\/\/olisolivellas.com\/wp-content\/uploads\/2018\/11\/aceite-solivellas-embotellado-768x538.jpg 768w, https:\/\/olisolivellas.com\/wp-content\/uploads\/2018\/11\/aceite-solivellas-embotellado-600x420.jpg 600w\" sizes=\"(max-width: 1000px) 100vw, 1000px\" \/><\/span><\/figure><\/div>\n<\/div><\/div><\/div>\n<\/div><\/div><\/div>\n\n\n\n<div class=\"wp-block-stackable-spacer stk-block-spacer stk--no-padding stk-block stk-cd0a124\" data-block-id=\"cd0a124\"><style>.stk-cd0a124{height:60px !important}@media screen and (max-width:1023px){.stk-cd0a124{height:80px !important}}<\/style><\/div>\n\n\n\n<div class=\"wp-block-stackable-columns alignfull stk-block-columns stk--hide-desktop stk--hide-tablet stk--hide-mobile stk-block stk-9b2b95e stk-block-background stk--has-background-overlay\" data-block-id=\"9b2b95e\"><style>.stk-9b2b95e{background-color:#000000 !important;background-image:url(https:\/\/olisolivellas.com\/wp-content\/uploads\/2018\/05\/fondodo-1-1.jpg) !important;padding-top:160px !important;padding-bottom:160px !important;margin-bottom:0px !important}.stk-9b2b95e:before{background-color:#000000 !important;opacity:0 !important}@media screen and (max-width:1023px){.stk-9b2b95e{padding-top:80px !important;padding-bottom:80px !important}}<\/style><div class=\"stk-row stk-inner-blocks has-text-align-center stk-block-content stk-content-align stk-9b2b95e-column\">\n<div class=\"wp-block-stackable-column stk-block-column stk-column stk-block stk-cbf8d64\" data-v=\"4\" data-block-id=\"cbf8d64\"><style>.stk-cbf8d64-container{margin-top:0px !important;margin-right:auto !important;margin-bottom:0px !important;margin-left:auto !important;max-width:650px !important}<\/style><div class=\"stk-column-wrapper stk-block-column__content stk-container stk-cbf8d64-container stk--no-background stk--no-padding\"><div class=\"stk-block-content stk-inner-blocks stk-cbf8d64-inner-blocks\">\n<div class=\"wp-block-stackable-heading stk-block-heading stk-block-heading--v2 stk-block stk-0831cc8\" id=\"bleib-informiert\" data-block-id=\"0831cc8\"><style>.stk-0831cc8{margin-top:0px !important;margin-right:0px !important;margin-bottom:0px !important;margin-left:0px !important}.stk-0831cc8 .stk-block-heading__text{font-size:14px !important;color:var(--theme-palette-color-8,#ffffff) !important}@media screen and (max-width:1023px){.stk-0831cc8 .stk-block-heading__text{font-size:30px !important}}@media screen and (max-width:767px){.stk-0831cc8 .stk-block-heading__text{font-size:16px !important}}<\/style><h2 class=\"stk-block-heading__text has-text-color has-palette-color-8-color has-text-align-center\">BLEIB INFORMIERT<\/h2><\/div>\n\n\n\n<div class=\"wp-block-stackable-heading stk-block-heading stk-block-heading--v2 stk-block stk-36d7ef9\" id=\"melden-sie-sich-fur-unseren-newsletter-an\" data-block-id=\"36d7ef9\"><style>.stk-36d7ef9{margin-bottom:20px !important}.stk-36d7ef9 .stk-block-heading__text{font-size:42px !important;color:var(--theme-palette-color-8,#ffffff) !important;font-family:\"Abhaya Libre\",Sans-serif !important}@media screen and (max-width:1023px){.stk-36d7ef9 .stk-block-heading__text{font-size:30px !important}}@media screen and (max-width:767px){.stk-36d7ef9 .stk-block-heading__text{line-height:1em !important}}<\/style><h2 class=\"stk-block-heading__text has-text-color has-palette-color-8-color has-text-align-center\">Melden Sie sich f\u00fcr unseren Newsletter an<\/h2><\/div>\n\n\n<div class=\"wpforms-container wpforms-block inline-fields\" id=\"wpforms-10197\"><form id=\"wpforms-form-10197\" class=\"wpforms-validate wpforms-form\" data-formid=\"10197\" method=\"post\" enctype=\"multipart\/form-data\" action=\"\/de\/wp-json\/wp\/v2\/pages\/9009\" data-token=\"a193c8a59b1219aeb378624f5186c331\" data-token-time=\"1788227600\"><noscript class=\"wpforms-error-noscript\">Bitte aktiviere JavaScript in deinem Browser, um dieses Formular fertigzustellen.<\/noscript><div class=\"wpforms-field-container\"><div id=\"wpforms-10197-field_1-container\" class=\"wpforms-field wpforms-field-email\" data-field-id=\"1\"><label class=\"wpforms-field-label wpforms-label-hide\" for=\"wpforms-10197-field_1\">Email <span class=\"wpforms-required-label\">*<\/span><\/label><input type=\"email\" id=\"wpforms-10197-field_1\" class=\"wpforms-field-large wpforms-field-required\" name=\"wpforms[fields][1]\" placeholder=\"Your email please\" spellcheck=\"false\" required><\/div><\/div><!-- .wpforms-field-container --><div class=\"wpforms-submit-container\" ><input type=\"hidden\" name=\"wpforms[id]\" value=\"10197\"><input type=\"hidden\" name=\"page_title\" value=\"\"><input type=\"hidden\" name=\"page_url\" value=\"https:\/\/olisolivellas.com\/de\/wp-json\/wp\/v2\/pages\/9009\"><button type=\"submit\" name=\"wpforms[submit]\" id=\"wpforms-submit-10197\" class=\"wpforms-submit\" data-alt-text=\"Sending...\" data-submit-text=\"Subscribe\" aria-live=\"assertive\" value=\"wpforms-submit\">Subscribe<\/button><\/div><\/form><\/div>  <!-- .wpforms-container --><\/div><\/div><\/div>\n<\/div><\/div>\n","protected":false},"excerpt":{"rendered":"<p>SOLIVELLAS Oliven\u00f6l aus Eigenem Anbau Auf ihrem Landgut Es Guinyent, das sich in&nbsp;privilegierter Lage&nbsp;ganz in der N\u00e4he des Mittelmeeres und der Gebirgslandschaft Sierra de Tramuntana befindet, erntet die Familie Solivellas ihre Oliven und gewinnt daraus&nbsp;feinstes \u00d6l der Klasse \u201cNatives Oliven\u00f6l Extra\u201d. Die milde Mittelmeerbrise umf\u00e4chelt die Olivenb\u00e4ume und sorgt f\u00fcr die sanfte Abk\u00fchlung der Oliven [&hellip;]<\/p>\n","protected":false},"author":1,"featured_media":0,"parent":0,"menu_order":0,"comment_status":"closed","ping_status":"closed","template":"","meta":{"footnotes":""},"blocksy_meta":{"styles_descriptor":{"styles":{"desktop":"","tablet":"","mobile":""},"google_fonts":[],"version":6}},"yoast_head":"<!-- This site is optimized with the Yoast SEO plugin v22.9 - https:\/\/yoast.com\/wordpress\/plugins\/seo\/ -->\n<title>Natives Oliven\u00f6l Extra aus Mallorca - Solivellas<\/title>\n<meta name=\"description\" content=\"Erfahren Sie alles \u00fcber unser Mallorca Oliven\u00f6l. Qualit\u00e4t, Tradition und Leidenschaft. Mehr erfahren!\" \/>\n<meta name=\"robots\" content=\"index, follow, max-snippet:-1, max-image-preview:large, max-video-preview:-1\" \/>\n<link rel=\"canonical\" href=\"https:\/\/olisolivellas.com\/de\/olivenoel\/\" \/>\n<meta property=\"og:locale\" content=\"de_DE\" \/>\n<meta property=\"og:type\" content=\"article\" \/>\n<meta property=\"og:title\" content=\"Natives Oliven\u00f6l Extra aus Mallorca - Solivellas\" \/>\n<meta property=\"og:description\" content=\"Erfahren Sie alles \u00fcber unser Mallorca Oliven\u00f6l. Qualit\u00e4t, Tradition und Leidenschaft. Mehr erfahren!\" \/>\n<meta property=\"og:url\" content=\"https:\/\/olisolivellas.com\/de\/olivenoel\/\" \/>\n<meta property=\"og:site_name\" content=\"OLI SOLIVELLAS | La esencia de Mallorca\" \/>\n<meta property=\"article:publisher\" content=\"https:\/\/es-es.facebook.com\/OliSolivellas\" \/>\n<meta property=\"article:modified_time\" content=\"2025-05-05T05:22:09+00:00\" \/>\n<meta property=\"og:image\" content=\"https:\/\/olisolivellas.com\/wp-content\/uploads\/2018\/11\/solivellas-alqueria-es-guinyet.jpg\" \/>\n<meta name=\"twitter:card\" content=\"summary_large_image\" \/>\n<meta name=\"twitter:site\" content=\"@OliSolivellas\" \/>\n<meta name=\"twitter:label1\" content=\"Gesch\u00e4tzte Lesezeit\" \/>\n\t<meta name=\"twitter:data1\" content=\"6\u00a0Minuten\" \/>\n<script type=\"application\/ld+json\" class=\"yoast-schema-graph\">{\"@context\":\"https:\/\/schema.org\",\"@graph\":[{\"@type\":\"WebPage\",\"@id\":\"https:\/\/olisolivellas.com\/de\/olivenoel\/\",\"url\":\"https:\/\/olisolivellas.com\/de\/olivenoel\/\",\"name\":\"Natives Oliven\u00f6l Extra aus Mallorca - Solivellas\",\"isPartOf\":{\"@id\":\"https:\/\/olisolivellas.com\/de\/#website\"},\"primaryImageOfPage\":{\"@id\":\"https:\/\/olisolivellas.com\/de\/olivenoel\/#primaryimage\"},\"image\":{\"@id\":\"https:\/\/olisolivellas.com\/de\/olivenoel\/#primaryimage\"},\"thumbnailUrl\":\"https:\/\/olisolivellas.com\/wp-content\/uploads\/2018\/11\/solivellas-alqueria-es-guinyet.jpg\",\"datePublished\":\"2017-12-11T15:41:08+00:00\",\"dateModified\":\"2025-05-05T05:22:09+00:00\",\"description\":\"Erfahren Sie alles \u00fcber unser Mallorca Oliven\u00f6l. Qualit\u00e4t, Tradition und Leidenschaft. Mehr erfahren!\",\"breadcrumb\":{\"@id\":\"https:\/\/olisolivellas.com\/de\/olivenoel\/#breadcrumb\"},\"inLanguage\":\"de\",\"potentialAction\":[{\"@type\":\"ReadAction\",\"target\":[\"https:\/\/olisolivellas.com\/de\/olivenoel\/\"]}]},{\"@type\":\"ImageObject\",\"inLanguage\":\"de\",\"@id\":\"https:\/\/olisolivellas.com\/de\/olivenoel\/#primaryimage\",\"url\":\"https:\/\/olisolivellas.com\/wp-content\/uploads\/2018\/11\/solivellas-alqueria-es-guinyet.jpg\",\"contentUrl\":\"https:\/\/olisolivellas.com\/wp-content\/uploads\/2018\/11\/solivellas-alqueria-es-guinyet.jpg\"},{\"@type\":\"BreadcrumbList\",\"@id\":\"https:\/\/olisolivellas.com\/de\/olivenoel\/#breadcrumb\",\"itemListElement\":[{\"@type\":\"ListItem\",\"position\":1,\"name\":\"Portada\",\"item\":\"https:\/\/olisolivellas.com\/de\/\"},{\"@type\":\"ListItem\",\"position\":2,\"name\":\"Oliven\u00f6l\"}]},{\"@type\":\"WebSite\",\"@id\":\"https:\/\/olisolivellas.com\/de\/#website\",\"url\":\"https:\/\/olisolivellas.com\/de\/\",\"name\":\"OLI SOLIVELLAS | La esencia de Mallorca\",\"description\":\"Oli de Mallorca, Denominaci\u00f3 de Origen Protegida\",\"publisher\":{\"@id\":\"https:\/\/olisolivellas.com\/de\/#organization\"},\"potentialAction\":[{\"@type\":\"SearchAction\",\"target\":{\"@type\":\"EntryPoint\",\"urlTemplate\":\"https:\/\/olisolivellas.com\/de\/?s={search_term_string}\"},\"query-input\":\"required name=search_term_string\"}],\"inLanguage\":\"de\"},{\"@type\":\"Organization\",\"@id\":\"https:\/\/olisolivellas.com\/de\/#organization\",\"name\":\"Oli Solivellas\",\"alternateName\":\"Solivellas\",\"url\":\"https:\/\/olisolivellas.com\/de\/\",\"logo\":{\"@type\":\"ImageObject\",\"inLanguage\":\"de\",\"@id\":\"https:\/\/olisolivellas.com\/de\/#\/schema\/logo\/image\/\",\"url\":\"https:\/\/olisolivellas.com\/wp-content\/uploads\/2018\/04\/logo.png\",\"contentUrl\":\"https:\/\/olisolivellas.com\/wp-content\/uploads\/2018\/04\/logo.png\",\"width\":238,\"height\":46,\"caption\":\"Oli Solivellas\"},\"image\":{\"@id\":\"https:\/\/olisolivellas.com\/de\/#\/schema\/logo\/image\/\"},\"sameAs\":[\"https:\/\/es-es.facebook.com\/OliSolivellas\",\"https:\/\/x.com\/OliSolivellas\",\"https:\/\/www.instagram.com\/oli_solivellas\/\"]}]}<\/script>\n<!-- \/ Yoast SEO plugin. -->","yoast_head_json":{"title":"Natives Oliven\u00f6l Extra aus Mallorca - Solivellas","description":"Erfahren Sie alles \u00fcber unser Mallorca Oliven\u00f6l. Qualit\u00e4t, Tradition und Leidenschaft. Mehr erfahren!","robots":{"index":"index","follow":"follow","max-snippet":"max-snippet:-1","max-image-preview":"max-image-preview:large","max-video-preview":"max-video-preview:-1"},"canonical":"https:\/\/olisolivellas.com\/de\/olivenoel\/","og_locale":"de_DE","og_type":"article","og_title":"Natives Oliven\u00f6l Extra aus Mallorca - Solivellas","og_description":"Erfahren Sie alles \u00fcber unser Mallorca Oliven\u00f6l. Qualit\u00e4t, Tradition und Leidenschaft. Mehr erfahren!","og_url":"https:\/\/olisolivellas.com\/de\/olivenoel\/","og_site_name":"OLI SOLIVELLAS | La esencia de Mallorca","article_publisher":"https:\/\/es-es.facebook.com\/OliSolivellas","article_modified_time":"2025-05-05T05:22:09+00:00","og_image":[{"url":"https:\/\/olisolivellas.com\/wp-content\/uploads\/2018\/11\/solivellas-alqueria-es-guinyet.jpg"}],"twitter_card":"summary_large_image","twitter_site":"@OliSolivellas","twitter_misc":{"Gesch\u00e4tzte Lesezeit":"6\u00a0Minuten"},"schema":{"@context":"https:\/\/schema.org","@graph":[{"@type":"WebPage","@id":"https:\/\/olisolivellas.com\/de\/olivenoel\/","url":"https:\/\/olisolivellas.com\/de\/olivenoel\/","name":"Natives Oliven\u00f6l Extra aus Mallorca - Solivellas","isPartOf":{"@id":"https:\/\/olisolivellas.com\/de\/#website"},"primaryImageOfPage":{"@id":"https:\/\/olisolivellas.com\/de\/olivenoel\/#primaryimage"},"image":{"@id":"https:\/\/olisolivellas.com\/de\/olivenoel\/#primaryimage"},"thumbnailUrl":"https:\/\/olisolivellas.com\/wp-content\/uploads\/2018\/11\/solivellas-alqueria-es-guinyet.jpg","datePublished":"2017-12-11T15:41:08+00:00","dateModified":"2025-05-05T05:22:09+00:00","description":"Erfahren Sie alles \u00fcber unser Mallorca Oliven\u00f6l. Qualit\u00e4t, Tradition und Leidenschaft. Mehr erfahren!","breadcrumb":{"@id":"https:\/\/olisolivellas.com\/de\/olivenoel\/#breadcrumb"},"inLanguage":"de","potentialAction":[{"@type":"ReadAction","target":["https:\/\/olisolivellas.com\/de\/olivenoel\/"]}]},{"@type":"ImageObject","inLanguage":"de","@id":"https:\/\/olisolivellas.com\/de\/olivenoel\/#primaryimage","url":"https:\/\/olisolivellas.com\/wp-content\/uploads\/2018\/11\/solivellas-alqueria-es-guinyet.jpg","contentUrl":"https:\/\/olisolivellas.com\/wp-content\/uploads\/2018\/11\/solivellas-alqueria-es-guinyet.jpg"},{"@type":"BreadcrumbList","@id":"https:\/\/olisolivellas.com\/de\/olivenoel\/#breadcrumb","itemListElement":[{"@type":"ListItem","position":1,"name":"Portada","item":"https:\/\/olisolivellas.com\/de\/"},{"@type":"ListItem","position":2,"name":"Oliven\u00f6l"}]},{"@type":"WebSite","@id":"https:\/\/olisolivellas.com\/de\/#website","url":"https:\/\/olisolivellas.com\/de\/","name":"OLI SOLIVELLAS | La esencia de Mallorca","description":"Oli de Mallorca, Denominaci\u00f3 de Origen Protegida","publisher":{"@id":"https:\/\/olisolivellas.com\/de\/#organization"},"potentialAction":[{"@type":"SearchAction","target":{"@type":"EntryPoint","urlTemplate":"https:\/\/olisolivellas.com\/de\/?s={search_term_string}"},"query-input":"required name=search_term_string"}],"inLanguage":"de"},{"@type":"Organization","@id":"https:\/\/olisolivellas.com\/de\/#organization","name":"Oli Solivellas","alternateName":"Solivellas","url":"https:\/\/olisolivellas.com\/de\/","logo":{"@type":"ImageObject","inLanguage":"de","@id":"https:\/\/olisolivellas.com\/de\/#\/schema\/logo\/image\/","url":"https:\/\/olisolivellas.com\/wp-content\/uploads\/2018\/04\/logo.png","contentUrl":"https:\/\/olisolivellas.com\/wp-content\/uploads\/2018\/04\/logo.png","width":238,"height":46,"caption":"Oli Solivellas"},"image":{"@id":"https:\/\/olisolivellas.com\/de\/#\/schema\/logo\/image\/"},"sameAs":["https:\/\/es-es.facebook.com\/OliSolivellas","https:\/\/x.com\/OliSolivellas","https:\/\/www.instagram.com\/oli_solivellas\/"]}]}},"_links":{"self":[{"href":"https:\/\/olisolivellas.com\/de\/wp-json\/wp\/v2\/pages\/9009"}],"collection":[{"href":"https:\/\/olisolivellas.com\/de\/wp-json\/wp\/v2\/pages"}],"about":[{"href":"https:\/\/olisolivellas.com\/de\/wp-json\/wp\/v2\/types\/page"}],"author":[{"embeddable":true,"href":"https:\/\/olisolivellas.com\/de\/wp-json\/wp\/v2\/users\/1"}],"replies":[{"embeddable":true,"href":"https:\/\/olisolivellas.com\/de\/wp-json\/wp\/v2\/comments?post=9009"}],"version-history":[{"count":9,"href":"https:\/\/olisolivellas.com\/de\/wp-json\/wp\/v2\/pages\/9009\/revisions"}],"predecessor-version":[{"id":13810,"href":"https:\/\/olisolivellas.com\/de\/wp-json\/wp\/v2\/pages\/9009\/revisions\/13810"}],"wp:attachment":[{"href":"https:\/\/olisolivellas.com\/de\/wp-json\/wp\/v2\/media?parent=9009"}],"curies":[{"name":"wp","href":"https:\/\/api.w.org\/{rel}","templated":true}]}}